{"id":237,"date":"2020-06-02T17:58:50","date_gmt":"2020-06-02T15:58:50","guid":{"rendered":"http:\/\/www.ergotherapie-k\u00e4rnten.at\/?page_id=237"},"modified":"2020-07-27T19:17:10","modified_gmt":"2020-07-27T17:17:10","slug":"indikationen","status":"publish","type":"page","link":"https:\/\/www.ergotherapie-k\u00e4rnten.at\/?page_id=237","title":{"rendered":"Indikationen"},"content":{"rendered":"\n<p>H\u00e4ufige Indikationen warum Eltern mit ihren Kindern in unsere Praxis kommen:<\/p>\n\n\n\n<h2 class=\"wp-block-heading\">Bei S\u00e4uglingen und Kleinkindern<\/h2>\n\n\n\n<ul class=\"wp-block-list\"><li>Schiefhalssymptomatiken oder Sch\u00e4delassymetrien<\/li><li>Motorische Bevorzugung einer Seite<\/li><li>Schreibabys&nbsp;<\/li><li>Trink- oder Schlafst\u00f6rungen<\/li><li>unklaren Unruhezust\u00e4nden bei Babys<\/li><li>Entwickungsverz\u00f6gerung von Wahrnehmung und Bewegung&nbsp;<\/li><li>Kiss-Syndrom<\/li><li>Geburtstraumen (Fr\u00fchgeburt, Saugglocke..)<\/li><li>Kaiserschnittgeburt<\/li><\/ul>\n\n\n\n<div class=\"wp-block-image\"><figure class=\"aligncenter size-large\"><img loading=\"lazy\" decoding=\"async\" width=\"1024\" height=\"768\" src=\"https:\/\/www.ergotherapie-k\u00e4rnten.at\/wp-content\/uploads\/2020\/06\/baby_kaernten_ergotherapie-1024x768.jpg\" alt=\"\" class=\"wp-image-226\" srcset=\"https:\/\/www.ergotherapie-k\u00e4rnten.at\/wp-content\/uploads\/2020\/06\/baby_kaernten_ergotherapie-1024x768.jpg 1024w, https:\/\/www.ergotherapie-k\u00e4rnten.at\/wp-content\/uploads\/2020\/06\/baby_kaernten_ergotherapie-300x225.jpg 300w, https:\/\/www.ergotherapie-k\u00e4rnten.at\/wp-content\/uploads\/2020\/06\/baby_kaernten_ergotherapie-768x576.jpg 768w, https:\/\/www.ergotherapie-k\u00e4rnten.at\/wp-content\/uploads\/2020\/06\/baby_kaernten_ergotherapie-1536x1152.jpg 1536w, https:\/\/www.ergotherapie-k\u00e4rnten.at\/wp-content\/uploads\/2020\/06\/baby_kaernten_ergotherapie.jpg 1890w\" sizes=\"auto, (max-width: 767px) 89vw, (max-width: 1000px) 54vw, (max-width: 1071px) 543px, 580px\" \/><figcaption>\u00a9 Pexels<\/figcaption><\/figure><\/div>\n\n\n\n<h2 class=\"wp-block-heading\">Bei Kindergartenkindern <\/h2>\n\n\n\n<p>Entwicklungsverz\u00f6gerungen von:&nbsp;<\/p>\n\n\n\n<ul class=\"wp-block-list\"><li>K\u00f6rperwahrnehmung<\/li><li>Koordination<\/li><li>Gleichgewicht<\/li><li>Grob, Feinmotorik<\/li><li>Spiel- und Sozialverhalten\u00a0<\/li><li>Grafomotorik<\/li><li>Fehlsichtigkeit<\/li><\/ul>\n\n\n\n<div class=\"wp-block-image\"><figure class=\"aligncenter size-large\"><img loading=\"lazy\" decoding=\"async\" width=\"1024\" height=\"768\" src=\"https:\/\/www.ergotherapie-k\u00e4rnten.at\/wp-content\/uploads\/2020\/06\/spielendlernen_ergotherapie_kaernten-1024x768.jpg\" alt=\"\" class=\"wp-image-225\" srcset=\"https:\/\/www.ergotherapie-k\u00e4rnten.at\/wp-content\/uploads\/2020\/06\/spielendlernen_ergotherapie_kaernten-1024x768.jpg 1024w, https:\/\/www.ergotherapie-k\u00e4rnten.at\/wp-content\/uploads\/2020\/06\/spielendlernen_ergotherapie_kaernten-300x225.jpg 300w, https:\/\/www.ergotherapie-k\u00e4rnten.at\/wp-content\/uploads\/2020\/06\/spielendlernen_ergotherapie_kaernten-768x576.jpg 768w, https:\/\/www.ergotherapie-k\u00e4rnten.at\/wp-content\/uploads\/2020\/06\/spielendlernen_ergotherapie_kaernten-1536x1152.jpg 1536w, https:\/\/www.ergotherapie-k\u00e4rnten.at\/wp-content\/uploads\/2020\/06\/spielendlernen_ergotherapie_kaernten.jpg 1890w\" sizes=\"auto, (max-width: 767px) 89vw, (max-width: 1000px) 54vw, (max-width: 1071px) 543px, 580px\" \/><figcaption>\u00a9 Pexels<\/figcaption><\/figure><\/div>\n\n\n\n<h2 class=\"wp-block-heading\">Bei Schulkindern&nbsp;<\/h2>\n\n\n\n<ul class=\"wp-block-list\"><li>untypische Stifthaltung&nbsp;<\/li><li>Schwierigkeiten der Grafomotorik<\/li><li>Lern- und Konzentrationsschwierigkeiten&nbsp;<\/li><li>Problemen ruhig sitzen zu bleiben<\/li><li>Bissfehlstellungen, Zahnspangen&nbsp;<\/li><li>Unklare H\u00e4ndigkeit<\/li><li>Visuell r\u00e4umlichen Wahrnehmungsdefizite und oder Lese- Rechtschreib-und Rechenproblemen<\/li><li>Unspezifische k\u00f6rperliche und emotionale Symptome aufgrund Kompensation solcher Entwicklungsdefizite<\/li><li>Kopfschmerzen, Migr\u00e4ne<\/li><\/ul>\n\n\n\n<div class=\"wp-block-image\"><figure class=\"aligncenter size-large\"><img loading=\"lazy\" decoding=\"async\" width=\"1024\" height=\"768\" src=\"https:\/\/www.ergotherapie-k\u00e4rnten.at\/wp-content\/uploads\/2020\/07\/klagenfurt_schreibtherapie_kinder_schulkinder_kathrinrabensteinervierbach-1024x768.jpg\" alt=\"\" class=\"wp-image-345\" srcset=\"https:\/\/www.ergotherapie-k\u00e4rnten.at\/wp-content\/uploads\/2020\/07\/klagenfurt_schreibtherapie_kinder_schulkinder_kathrinrabensteinervierbach-1024x768.jpg 1024w, https:\/\/www.ergotherapie-k\u00e4rnten.at\/wp-content\/uploads\/2020\/07\/klagenfurt_schreibtherapie_kinder_schulkinder_kathrinrabensteinervierbach-300x225.jpg 300w, https:\/\/www.ergotherapie-k\u00e4rnten.at\/wp-content\/uploads\/2020\/07\/klagenfurt_schreibtherapie_kinder_schulkinder_kathrinrabensteinervierbach-768x576.jpg 768w, https:\/\/www.ergotherapie-k\u00e4rnten.at\/wp-content\/uploads\/2020\/07\/klagenfurt_schreibtherapie_kinder_schulkinder_kathrinrabensteinervierbach-1536x1152.jpg 1536w, https:\/\/www.ergotherapie-k\u00e4rnten.at\/wp-content\/uploads\/2020\/07\/klagenfurt_schreibtherapie_kinder_schulkinder_kathrinrabensteinervierbach.jpg 1890w\" sizes=\"auto, (max-width: 767px) 89vw, (max-width: 1000px) 54vw, (max-width: 1071px) 543px, 580px\" \/><figcaption><em>\u00a9 <\/em>Antonia Baumgartner<\/figcaption><\/figure><\/div>\n\n\n\n<p>Die Ergotherapie wird von Ihrem Kinderarzt beziehungsweise ihrer Kinder\u00e4rztin verordnet.&nbsp;<\/p>\n","protected":false},"excerpt":{"rendered":"<p>H\u00e4ufige Indikationen warum Eltern mit ihren Kindern in unsere Praxis kommen: Bei S\u00e4uglingen und Kleinkindern Schiefhalssymptomatiken oder Sch\u00e4delassymetrien Motorische Bevorzugung einer Seite Schreibabys&nbsp; Trink- oder Schlafst\u00f6rungen unklaren Unruhezust\u00e4nden bei Babys Entwickungsverz\u00f6gerung von Wahrnehmung und Bewegung&nbsp; Kiss-Syndrom Geburtstraumen (Fr\u00fchgeburt, Saugglocke..) Kaiserschnittgeburt Bei Kindergartenkindern Entwicklungsverz\u00f6gerungen von:&nbsp; K\u00f6rperwahrnehmung Koordination Gleichgewicht Grob, Feinmotorik Spiel- und Sozialverhalten\u00a0 Grafomotorik Fehlsichtigkeit Bei &hellip; <\/p>\n<p class=\"link-more\"><a href=\"https:\/\/www.ergotherapie-k\u00e4rnten.at\/?page_id=237\" class=\"more-link\"><span class=\"screen-reader-text\">\u201eIndikationen\u201c<\/span> weiterlesen<\/a><\/p>\n","protected":false},"author":1,"featured_media":274,"parent":0,"menu_order":0,"comment_status":"closed","ping_status":"closed","template":"","meta":{"footnotes":""},"class_list":["post-237","page","type-page","status-publish","has-post-thumbnail","hentry"],"yoast_head":"<!-- This site is optimized with the Yoast SEO plugin v24.9 - https:\/\/yoast.com\/wordpress\/plugins\/seo\/ -->\n<title>Indikationen - Ergotherapie<\/title>\n<meta name=\"description\" content=\"Indikationen Ergotherapie &amp; Craniosacrale Osteopathie \u2013 Kathrin Rabensteiner-Vierbach \u2013 Klagenfurt \u2013 Babys, Schulkinder, Kleinkinder\" \/>\n<meta name=\"robots\" content=\"index, follow, max-snippet:-1, max-image-preview:large, max-video-preview:-1\" \/>\n<link rel=\"canonical\" href=\"https:\/\/www.ergotherapie-k\u00e4rnten.at\/?page_id=237\" \/>\n<meta property=\"og:locale\" content=\"de_DE\" \/>\n<meta property=\"og:type\" content=\"article\" \/>\n<meta property=\"og:title\" content=\"Indikationen - Ergotherapie\" \/>\n<meta property=\"og:description\" content=\"Indikationen Ergotherapie &amp; Craniosacrale Osteopathie \u2013 Kathrin Rabensteiner-Vierbach \u2013 Klagenfurt \u2013 Babys, Schulkinder, Kleinkinder\" \/>\n<meta property=\"og:url\" content=\"https:\/\/www.ergotherapie-k\u00e4rnten.at\/?page_id=237\" \/>\n<meta property=\"og:site_name\" content=\"Ergotherapie\" \/>\n<meta property=\"article:modified_time\" content=\"2020-07-27T17:17:10+00:00\" \/>\n<meta property=\"og:image\" content=\"https:\/\/www.ergotherapie-k\u00e4rnten.at\/wp-content\/uploads\/2020\/06\/maltherapie_malen_kindertherapie_kathrin_rabensteiner-vierbach.jpg\" \/>\n\t<meta property=\"og:image:width\" content=\"1600\" \/>\n\t<meta property=\"og:image:height\" content=\"650\" \/>\n\t<meta property=\"og:image:type\" content=\"image\/jpeg\" \/>\n<meta name=\"twitter:card\" content=\"summary_large_image\" \/>\n<meta name=\"twitter:label1\" content=\"Gesch\u00e4tzte Lesezeit\" \/>\n\t<meta name=\"twitter:data1\" content=\"1\u00a0Minute\" \/>\n<script type=\"application\/ld+json\" class=\"yoast-schema-graph\">{\"@context\":\"https:\/\/schema.org\",\"@graph\":[{\"@type\":\"WebPage\",\"@id\":\"https:\/\/www.ergotherapie-k\u00e4rnten.at\/?page_id=237\",\"url\":\"https:\/\/www.ergotherapie-k\u00e4rnten.at\/?page_id=237\",\"name\":\"Indikationen - Ergotherapie\",\"isPartOf\":{\"@id\":\"https:\/\/www.ergotherapie-k\u00e4rnten.at\/#website\"},\"primaryImageOfPage\":{\"@id\":\"https:\/\/www.ergotherapie-k\u00e4rnten.at\/?page_id=237#primaryimage\"},\"image\":{\"@id\":\"https:\/\/www.ergotherapie-k\u00e4rnten.at\/?page_id=237#primaryimage\"},\"thumbnailUrl\":\"https:\/\/www.ergotherapie-k\u00e4rnten.at\/wp-content\/uploads\/2020\/06\/maltherapie_malen_kindertherapie_kathrin_rabensteiner-vierbach.jpg\",\"datePublished\":\"2020-06-02T15:58:50+00:00\",\"dateModified\":\"2020-07-27T17:17:10+00:00\",\"description\":\"Indikationen Ergotherapie & Craniosacrale Osteopathie \u2013 Kathrin Rabensteiner-Vierbach \u2013 Klagenfurt \u2013 Babys, Schulkinder, Kleinkinder\",\"breadcrumb\":{\"@id\":\"https:\/\/www.ergotherapie-k\u00e4rnten.at\/?page_id=237#breadcrumb\"},\"inLanguage\":\"de\",\"potentialAction\":[{\"@type\":\"ReadAction\",\"target\":[\"https:\/\/www.ergotherapie-k\u00e4rnten.at\/?page_id=237\"]}]},{\"@type\":\"ImageObject\",\"inLanguage\":\"de\",\"@id\":\"https:\/\/www.ergotherapie-k\u00e4rnten.at\/?page_id=237#primaryimage\",\"url\":\"https:\/\/www.ergotherapie-k\u00e4rnten.at\/wp-content\/uploads\/2020\/06\/maltherapie_malen_kindertherapie_kathrin_rabensteiner-vierbach.jpg\",\"contentUrl\":\"https:\/\/www.ergotherapie-k\u00e4rnten.at\/wp-content\/uploads\/2020\/06\/maltherapie_malen_kindertherapie_kathrin_rabensteiner-vierbach.jpg\",\"width\":1600,\"height\":650},{\"@type\":\"BreadcrumbList\",\"@id\":\"https:\/\/www.ergotherapie-k\u00e4rnten.at\/?page_id=237#breadcrumb\",\"itemListElement\":[{\"@type\":\"ListItem\",\"position\":1,\"name\":\"Startseite\",\"item\":\"https:\/\/www.ergotherapie-k\u00e4rnten.at\/\"},{\"@type\":\"ListItem\",\"position\":2,\"name\":\"Indikationen\"}]},{\"@type\":\"WebSite\",\"@id\":\"https:\/\/www.ergotherapie-k\u00e4rnten.at\/#website\",\"url\":\"https:\/\/www.ergotherapie-k\u00e4rnten.at\/\",\"name\":\"Ergotherapie\",\"description\":\"Kathrin Rabensteiner-Vierbach\",\"potentialAction\":[{\"@type\":\"SearchAction\",\"target\":{\"@type\":\"EntryPoint\",\"urlTemplate\":\"https:\/\/www.ergotherapie-k\u00e4rnten.at\/?s={search_term_string}\"},\"query-input\":{\"@type\":\"PropertyValueSpecification\",\"valueRequired\":true,\"valueName\":\"search_term_string\"}}],\"inLanguage\":\"de\"}]}<\/script>\n<!-- \/ Yoast SEO plugin. -->","yoast_head_json":{"title":"Indikationen - Ergotherapie","description":"Indikationen Ergotherapie & Craniosacrale Osteopathie \u2013 Kathrin Rabensteiner-Vierbach \u2013 Klagenfurt \u2013 Babys, Schulkinder, Kleinkinder","robots":{"index":"index","follow":"follow","max-snippet":"max-snippet:-1","max-image-preview":"max-image-preview:large","max-video-preview":"max-video-preview:-1"},"canonical":"https:\/\/www.ergotherapie-k\u00e4rnten.at\/?page_id=237","og_locale":"de_DE","og_type":"article","og_title":"Indikationen - Ergotherapie","og_description":"Indikationen Ergotherapie & Craniosacrale Osteopathie \u2013 Kathrin Rabensteiner-Vierbach \u2013 Klagenfurt \u2013 Babys, Schulkinder, Kleinkinder","og_url":"https:\/\/www.ergotherapie-k\u00e4rnten.at\/?page_id=237","og_site_name":"Ergotherapie","article_modified_time":"2020-07-27T17:17:10+00:00","og_image":[{"width":1600,"height":650,"url":"https:\/\/www.ergotherapie-k\u00e4rnten.at\/wp-content\/uploads\/2020\/06\/maltherapie_malen_kindertherapie_kathrin_rabensteiner-vierbach.jpg","type":"image\/jpeg"}],"twitter_card":"summary_large_image","twitter_misc":{"Gesch\u00e4tzte Lesezeit":"1\u00a0Minute"},"schema":{"@context":"https:\/\/schema.org","@graph":[{"@type":"WebPage","@id":"https:\/\/www.ergotherapie-k\u00e4rnten.at\/?page_id=237","url":"https:\/\/www.ergotherapie-k\u00e4rnten.at\/?page_id=237","name":"Indikationen - Ergotherapie","isPartOf":{"@id":"https:\/\/www.ergotherapie-k\u00e4rnten.at\/#website"},"primaryImageOfPage":{"@id":"https:\/\/www.ergotherapie-k\u00e4rnten.at\/?page_id=237#primaryimage"},"image":{"@id":"https:\/\/www.ergotherapie-k\u00e4rnten.at\/?page_id=237#primaryimage"},"thumbnailUrl":"https:\/\/www.ergotherapie-k\u00e4rnten.at\/wp-content\/uploads\/2020\/06\/maltherapie_malen_kindertherapie_kathrin_rabensteiner-vierbach.jpg","datePublished":"2020-06-02T15:58:50+00:00","dateModified":"2020-07-27T17:17:10+00:00","description":"Indikationen Ergotherapie & Craniosacrale Osteopathie \u2013 Kathrin Rabensteiner-Vierbach \u2013 Klagenfurt \u2013 Babys, Schulkinder, Kleinkinder","breadcrumb":{"@id":"https:\/\/www.ergotherapie-k\u00e4rnten.at\/?page_id=237#breadcrumb"},"inLanguage":"de","potentialAction":[{"@type":"ReadAction","target":["https:\/\/www.ergotherapie-k\u00e4rnten.at\/?page_id=237"]}]},{"@type":"ImageObject","inLanguage":"de","@id":"https:\/\/www.ergotherapie-k\u00e4rnten.at\/?page_id=237#primaryimage","url":"https:\/\/www.ergotherapie-k\u00e4rnten.at\/wp-content\/uploads\/2020\/06\/maltherapie_malen_kindertherapie_kathrin_rabensteiner-vierbach.jpg","contentUrl":"https:\/\/www.ergotherapie-k\u00e4rnten.at\/wp-content\/uploads\/2020\/06\/maltherapie_malen_kindertherapie_kathrin_rabensteiner-vierbach.jpg","width":1600,"height":650},{"@type":"BreadcrumbList","@id":"https:\/\/www.ergotherapie-k\u00e4rnten.at\/?page_id=237#breadcrumb","itemListElement":[{"@type":"ListItem","position":1,"name":"Startseite","item":"https:\/\/www.ergotherapie-k\u00e4rnten.at\/"},{"@type":"ListItem","position":2,"name":"Indikationen"}]},{"@type":"WebSite","@id":"https:\/\/www.ergotherapie-k\u00e4rnten.at\/#website","url":"https:\/\/www.ergotherapie-k\u00e4rnten.at\/","name":"Ergotherapie","description":"Kathrin Rabensteiner-Vierbach","potentialAction":[{"@type":"SearchAction","target":{"@type":"EntryPoint","urlTemplate":"https:\/\/www.ergotherapie-k\u00e4rnten.at\/?s={search_term_string}"},"query-input":{"@type":"PropertyValueSpecification","valueRequired":true,"valueName":"search_term_string"}}],"inLanguage":"de"}]}},"_links":{"self":[{"href":"https:\/\/www.ergotherapie-k\u00e4rnten.at\/index.php?rest_route=\/wp\/v2\/pages\/237","targetHints":{"allow":["GET"]}}],"collection":[{"href":"https:\/\/www.ergotherapie-k\u00e4rnten.at\/index.php?rest_route=\/wp\/v2\/pages"}],"about":[{"href":"https:\/\/www.ergotherapie-k\u00e4rnten.at\/index.php?rest_route=\/wp\/v2\/types\/page"}],"author":[{"embeddable":true,"href":"https:\/\/www.ergotherapie-k\u00e4rnten.at\/index.php?rest_route=\/wp\/v2\/users\/1"}],"replies":[{"embeddable":true,"href":"https:\/\/www.ergotherapie-k\u00e4rnten.at\/index.php?rest_route=%2Fwp%2Fv2%2Fcomments&post=237"}],"version-history":[{"count":5,"href":"https:\/\/www.ergotherapie-k\u00e4rnten.at\/index.php?rest_route=\/wp\/v2\/pages\/237\/revisions"}],"predecessor-version":[{"id":346,"href":"https:\/\/www.ergotherapie-k\u00e4rnten.at\/index.php?rest_route=\/wp\/v2\/pages\/237\/revisions\/346"}],"wp:featuredmedia":[{"embeddable":true,"href":"https:\/\/www.ergotherapie-k\u00e4rnten.at\/index.php?rest_route=\/wp\/v2\/media\/274"}],"wp:attachment":[{"href":"https:\/\/www.ergotherapie-k\u00e4rnten.at\/index.php?rest_route=%2Fwp%2Fv2%2Fmedia&parent=237"}],"curies":[{"name":"wp","href":"https:\/\/api.w.org\/{rel}","templated":true}]}}